{"version":"1.0","provider_name":"Etelka mondja","provider_url":"https:\/\/etelka.cafeblog.hu","author_name":"H. Etelka","author_url":"https:\/\/etelka.cafeblog.hu\/author\/h_etelka\/","title":"H\u00e9tk\u00f6znapi divatdikt\u00e1torok","html":"<p>Hi\u00e1ba, \u00e9n is kezdem felvenni a kor temp\u00f3j\u00e1t. Lassan elfiatalodom. Ezt f\u0151leg abb\u00f3l veszem \u00e9szre, hogy beh\u00f3doltam az okostelefonnak, amit \u00fagy nyomkodok, mint egy csitri. Fel is fedeztem magamnak a gyors reag\u00e1l\u00e1s el\u0151ny\u00e9t. R\u00e1j\u00f6ttem, hogy b\u00e1rhol le tudok kapni egy olyan momentumot, amelyet egy\u00e9bk\u00e9nt csak szavakkal tudn\u00e9k illusztr\u00e1lni.<\/p>\r\n<p>Persze, az etikai \u00e9rz\u00e9kem bel\u00fcl most is kiab\u00e1l, de tal\u00e1n m\u00e9g nem l\u00e9pem \u00e1t a diszkr\u00e9ci\u00f3 \u00e9s a j\u00f3 \u00edzl\u00e9s hat\u00e1r\u00e1t. Mert hogy fot\u00f3m t\u00e9m\u00e1ja a st\u00edlus. \u00c9s hogy is lehetne a legjobban szeml\u00e9ltetni a divatot \u00e9s a trendeket, mint egy j\u00f3l siker\u00fclt fot\u00f3val? Ami az erk\u00f6lcsi oldal\u00e1t illeti, az az\u00e9rt k\u00e9nyes, mert nem egy modellt h\u00edvok seg\u00edts\u00e9g\u00fcl, hanem az utca ember\u00e9t. Na igen, csak h\u00e1t \u0151 err\u0151l semmit nem tud. \u00dagy is fogalmazhatn\u00e9k, nem adta hozz\u00e1 az arc\u00e1t. Szigor\u00faan megmaradok teh\u00e1t a fejt\u0151l lefel\u00e9 be\u00e1ll\u00edt\u00e1sn\u00e1l. Rem\u00e9lem, ezzel nem tettem semmi t\u00f6rv\u00e9nybe \u00fctk\u00f6z\u0151t. Am\u00fagy ez nagyon izgalmas akci\u00f3 volt. Aki alig tudja m\u00e9g haszn\u00e1lni ezeket a csodamasin\u00e1kat, mint az okostelefon, annak igazi kih\u00edv\u00e1s gyorsan f\u00e9nyk\u00e9pezni. A pillanat hamar elszalad, \u00e9s az utca embere is. De hogy visszakanyarodjak a l\u00e9nyeghez, b\u00fcszke voltam magamra, mert a vill\u00e1mfot\u00f3z\u00e1s sikerrel j\u00e1rt.<\/p>\r\n<p>\u00cdme:<\/p>\r\n<p><a href=\"https:\/\/etelka.cafeblog.hu\/files\/2015\/03\/IMG_20150320_114600-e1427625631289.jpg\"><img class=\"alignnone size-medium wp-image-275\" src=\"https:\/\/etelka.cafeblog.hu\/files\/2015\/03\/IMG_20150320_114600-e1427625631289-176x300.jpg\" alt=\"IMG_20150320_114600\" width=\"176\" height=\"300\" \/><\/a><\/p>\r\n<p>Nem \u00e9r nagyokat r\u00f6h\u00f6gni, mert ez komoly. A l\u00e1bbeli tulajdonosa is komolyan gondolta, hogy \u00edgy ugrik be a post\u00e1ra. Ha m\u00e1r \u00fagyis rajta van a tr\u00e9ningnaci \u00e9s a zokni, gondolta, gyorsan felkapja ezt a sz\u00ednben igaz\u00e1n remek\u00fcl megv\u00e1lasztott cip\u0151t. V\u00e9g\u00fcl is igaza van. \u00c9n is im\u00e1dom mutogatni \u00faj szerzem\u00e9nyeimet. Nincs is jobb \u00e9rz\u00e9s, mint amikor a k\u00f6zt\u00e9ren s\u00e9t\u00e1lgatva elismer\u0151 tekinteteteket l\u00e1tok velem szembe j\u00f6nni.<\/p>\r\n<p>Sz\u00f3val, \u00fagy \u00e9rzem, ez egy eredeti elk\u00e9pzel\u00e9s. Ne\u00a0 legy\u00fcnk kispolg\u00e1rok, fel kell ismerni, a divat \u00f6r\u00f6kk\u00e9 v\u00e1ltozik. Mi\u00e9rt ne alak\u00edthatn\u00e1nk mi magunk? Mit nek\u00fcnk Lagerfeld? Divatdikt\u00e1torok lehet\u00fcnk mi magunk is! \u00c9s ha \u00e9n m\u00e9g propag\u00e1lom is ezzel a k\u00e9ppel, tal\u00e1n a modellem, a tudt\u00e1n k\u00edv\u00fcl ir\u00e1nyzatot teremt. Ezt pedig Lagerfeld is fel fogja ismerni, \u00e9s tal\u00e1n m\u00e1r a j\u00f6v\u0151 tavaszi kollekci\u00f3 is ehhez fog idomulni.<\/p>\r\n<p>Addig azonban kiv\u00e1rok. Nekem mindig sz\u00fcks\u00e9gem van meger\u0151s\u00edt\u00e9sre. Ha teh\u00e1t a New York-i divath\u00e9ten felt\u0171nik egy hasonl\u00f3 kompoz\u00edci\u00f3, nincs mese, rohanok a szekr\u00e9nyhez, hogy ruha- \u00e9s cip\u0151t\u00e1ramat \u00fajra\u00e9rtelmezzem.<\/p>\r\n<p>&nbsp;<\/p>","type":"rich"}