{"version":"1.0","provider_name":"Etelka mondja","provider_url":"https:\/\/etelka.cafeblog.hu","author_name":"H. Etelka","author_url":"https:\/\/etelka.cafeblog.hu\/author\/h_etelka\/","title":"Lopott pillanatok","html":"<p>Hi\u00e1ba, a kar\u00e1csony el\u0151tti kapkod\u00e1s... Amiatt nem marad id\u0151m saj\u00e1t magamra. Holott ez eredetileg az elcsendesed\u00e9s, befel\u00e9 fordul\u00e1s, szeml\u00e9l\u0151d\u00e9s, b\u00e9k\u00e9re \u00e9s szeretetre hangol\u00f3d\u00e1s id\u0151szaka. \u00c9s \u00e9n b\u0151szen hangol\u00f3dn\u00e9k is, ha a t\u00e1rsadalmi konvenci\u00f3k nem k\u00f6veteln\u00e9k meg t\u0151lem is, hogy aj\u00e1nd\u00e9kok ut\u00e1n kajtassak, bev\u00e1s\u00e1roljak, el\u0151k\u00e9sz\u00fcljek, d\u00edsz\u00edtsek \u00e9s csomagoljak, majd 24-\u00e9n s\u00fcssek-f\u0151zzek, mert a csal\u00e1d (ami m\u00e9g abb\u00f3l megmaradt) n\u00e1lam gy\u0171lik \u00f6ssze. Hab\u00e1r f\u00e9lre\u00e9rthet\u0151, amit el\u0151bb le\u00edrtam, \u00e9n \u00fagy \u00e9rzem, n\u00e9h\u00e1nyan pontosan tudj\u00e1k, mire gondolok. Igen, vissza lehet k\u00e9rdezni, hogy akkor mi\u00e9rt csin\u00e1lom, de ha nem csin\u00e1ln\u00e1m, v\u00e9g\u00fcl se m\u00e1snak, se magamnak nem okozn\u00e9k \u00f6r\u00f6met. Egysz\u00f3val ennek is k\u00e9t oldala van.<\/p>\r\n<p>Most m\u00e9gis loptam p\u00e1r percet magamnak. Ezalatt is szusszanok egyet, \u00e9s kikapcsol\u00f3dom. Mert musz\u00e1j kikapcsol\u00f3dni egy kicsit, ha nem szeretn\u00e9m, hogy az \u00fcnnepek az idegbajr\u00f3l sz\u00f3ljanak. Az igaz, hogy mi\u00f3ta elv\u00e1ltam, kevesebb a stressz, de a teljes nyugalmat akkor \u00e9rn\u00e9m el, ha mindenkinek egy helyen f\u00e9l \u00f3ra alatt megtal\u00e1ln\u00e1m azt az apr\u00f3s\u00e1got, aminek igaz\u00e1n \u00f6r\u00fcl, \u00e9s amit azut\u00e1n m\u00e9g csak nem is kell sz\u00e9pen becsomagolni, mert el\u0151re becsomagolj\u00e1k nekem. \u00c9s ha a hal\u00e1szl\u00e9 megf\u0151zn\u00e9 mag\u00e1t, a r\u00e1ntott hal kir\u00e1ntan\u00e1 mag\u00e1t, a majon\u00e9zes krumplisal\u00e1ta elk\u00e9sz\u00edten\u00e9 mag\u00e1t, a bejgli pedig kis\u00fctn\u00e9 \u00f6nmag\u00e1t. De nem panaszkodom tov\u00e1bb, mert mint egy\u00e9rtelm\u0171en l\u00e1tszik, \u00e9n m\u00e9g hozz\u00e1jutottam mindezek k\u00f6zepette n\u00e9h\u00e1ny pillanathoz, hogy ki\u00edrjam magamb\u00f3l az \u00e1tszellem\u00fcl\u00e9s el\u0151tti fesz\u00fclts\u00e9get. Lassan \u00e9rzem is a hat\u00e1st. Olyan ez, mintha bekaptam volna egy nyugtat\u00f3t. K\u00f6zben hallgatom a kar\u00e1csonyi kazett\u00e1mat. Igen, j\u00f3l olvast\u00e1k, kazett\u00e1t. Mert azon m\u00e9g olyan r\u00e9gi dalok vannak, amik gyerekkoromat id\u00e9zik. \u00cdgy teljes a lehiggad\u00e1s p\u00e1r perce. Hamarosan azonban mennem kell, m\u00e1r \u00e9rzem a s\u00fctem\u00e9ny illat\u00e1t. Sz\u00f3l\u00edt a konyha. J\u00f6v\u00f6k, m\u00e1r j\u00f6v\u00f6k! (M\u00e9gsem szabad teljesen leszed\u00e1lni magamat, mert nem v\u00e9gzem id\u0151ben.)<\/p>\r\n<p>Csak m\u00e9g el\u0151bb egy utols\u00f3 gondolat... B\u00e9k\u00e9t, boldogs\u00e1got, nyugalmat \u00e9s persze b\u0151s\u00e9get k\u00edv\u00e1nok a fa al\u00e1 mindenkinek. R\u00e1nk f\u00e9r! \u00c9s ami a legfontosabb, \u0151szinte szeretetet!<\/p>\r\n<p style=\"text-align: center\"><a href=\"https:\/\/etelka.cafeblog.hu\/files\/2014\/12\/karacsonyfa2.jpeg\"><img class=\"alignnone size-medium wp-image-210\" src=\"https:\/\/etelka.cafeblog.hu\/files\/2014\/12\/karacsonyfa2-234x300.jpeg\" alt=\"karacsonyfa2\" width=\"234\" height=\"300\" \/><\/a><\/p>","type":"rich"}